{"id":2734,"date":"2020-07-24T15:04:04","date_gmt":"2020-07-24T15:04:04","guid":{"rendered":"https:\/\/dev.revivenatureza.pt\/?page_id=2734"},"modified":"2020-07-31T10:34:59","modified_gmt":"2020-07-31T10:34:59","slug":"about-revive-natureza-2","status":"publish","type":"page","link":"https:\/\/revivenatureza.pt\/en\/about-revive-natureza-2\/","title":{"rendered":"About REVIVE NATUREZA"},"content":{"rendered":"<p>[et_pb_section fb_built=&#8221;1&#8243; fullwidth=&#8221;on&#8221; admin_label=&#8221;Hero Section&#8221; _builder_version=&#8221;3.29.3&#8243;][et_pb_fullwidth_header title=&#8221;About&#8221; subhead=&#8221;REVIVE NATUREZA&#8221; button_one_text=&#8221;Watch Video&#8221; button_one_url=&#8221;#video&#8221; background_overlay_color=&#8221;rgba(0,0,0,0.6)&#8221; content_max_width=&#8221;550px&#8221; _builder_version=&#8221;4.5.0&#8243; title_font=&#8221;Poppins|700||on|||||&#8221; title_text_color=&#8221;#549aa3&#8243; title_font_size=&#8221;14px&#8221; title_letter_spacing=&#8221;2px&#8221; title_line_height=&#8221;1.4em&#8221; content_font=&#8221;Poppins||||||||&#8221; content_font_size=&#8221;16px&#8221; content_letter_spacing=&#8221;1px&#8221; content_line_height=&#8221;2em&#8221; subhead_font=&#8221;Poppins|700||on|||||&#8221; subhead_font_size=&#8221;48px&#8221; subhead_letter_spacing=&#8221;3px&#8221; subhead_line_height=&#8221;1.4em&#8221; background_color=&#8221;rgba(255, 255, 255, 0)&#8221; background_image=&#8221;https:\/\/dev.revivenatureza.pt\/wp-content\/uploads\/2019\/10\/Revive_Natura__PORTO_Antigo-Posto-Fiscal-dos-Lavadores01.jpg&#8221; parallax=&#8221;on&#8221; parallax_method=&#8221;on&#8221; custom_button_one=&#8221;on&#8221; button_one_text_color=&#8221;#ffffff&#8221; button_one_border_width=&#8221;1&#8243; button_one_border_color=&#8221;rgba(255,255,255,0.3)&#8221; button_one_border_radius=&#8221;0px&#8221; button_one_letter_spacing=&#8221;1px&#8221; button_one_font=&#8221;Saira Extra Condensed|600||on|||||&#8221; button_one_icon=&#8221;%%1%%&#8221; button_one_icon_color=&#8221;#ffffff&#8221; custom_padding=&#8221;8%||160px||false|false&#8221; z_index_tablet=&#8221;500&#8243; custom_css_button_1=&#8221;a:hover {||color: #ffffff !important;||}&#8221; button_one_text_color_hover=&#8221;#edbb5f&#8221; button_two_text_color_hover=&#8221;#edbb5f&#8221; button_one_bg_color_hover=&#8221;rgba(0,0,0,0)&#8221; button_two_bg_color_hover=&#8221;rgba(0,0,0,0)&#8221; button_one_text_size__hover_enabled=&#8221;off&#8221; button_two_text_size__hover_enabled=&#8221;off&#8221; button_one_text_color__hover_enabled=&#8221;on&#8221; button_one_text_color__hover=&#8221;#ffffff&#8221; button_two_text_color__hover_enabled=&#8221;on&#8221; button_two_text_color__hover=&#8221;#edbb5f&#8221; button_one_border_width__hover_enabled=&#8221;off&#8221; button_two_border_width__hover_enabled=&#8221;off&#8221; button_one_border_color__hover_enabled=&#8221;off&#8221; button_two_border_color__hover_enabled=&#8221;off&#8221; button_one_border_radius__hover_enabled=&#8221;off&#8221; button_two_border_radius__hover_enabled=&#8221;off&#8221; button_one_letter_spacing__hover_enabled=&#8221;off&#8221; button_two_letter_spacing__hover_enabled=&#8221;off&#8221; button_one_bg_color__hover_enabled=&#8221;on&#8221; button_one_bg_color__hover=&#8221;rgba(0,0,0,0)&#8221; button_two_bg_color__hover_enabled=&#8221;on&#8221; button_two_bg_color__hover=&#8221;rgba(0,0,0,0)&#8221;]Fundo Revive Natureza aims to recover and appreciate public buildings that have been vacant for decades, mostly located in places with natural heritage assets, which have a high potential as tourist attractions, taking into account their original functions, histories and geographical specificities.[\/et_pb_fullwidth_header][\/et_pb_section][et_pb_section fb_built=&#8221;1&#8243; disabled_on=&#8221;on|on|on&#8221; admin_label=&#8221;Attributes&#8221; _builder_version=&#8221;3.29.3&#8243; custom_margin=&#8221;|||&#8221; custom_padding=&#8221;0px|0px|100px|0px&#8221; disabled=&#8221;on&#8221; collapsed=&#8221;on&#8221;][et_pb_row column_structure=&#8221;1_3,1_3,1_3&#8243; use_custom_gutter=&#8221;on&#8221; gutter_width=&#8221;1&#8243; _builder_version=&#8221;3.25&#8243; background_color=&#8221;#ffffff&#8221; max_width=&#8221;1440px&#8221; custom_margin=&#8221;|||&#8221; custom_padding=&#8221;27px|0px|0px|0px&#8221; box_shadow_style=&#8221;preset3&#8243; box_shadow_vertical=&#8221;15px&#8221; box_shadow_blur=&#8221;80px&#8221; box_shadow_color=&#8221;rgba(0,0,0,0.15)&#8221; use_custom_width=&#8221;on&#8221; custom_width_px=&#8221;1440px&#8221;][et_pb_column type=&#8221;1_3&#8243; _builder_version=&#8221;3.25&#8243; custom_padding=&#8221;|||&#8221; custom_padding__hover=&#8221;|||&#8221;][et_pb_text _builder_version=&#8221;3.27.4&#8243; text_font=&#8221;Poppins||||||||&#8221; text_letter_spacing=&#8221;1px&#8221; text_line_height=&#8221;2em&#8221; header_3_font=&#8221;|600||on|||||&#8221; header_3_line_height=&#8221;1.4em&#8221; background_color=&#8221;#ffffff&#8221; max_width=&#8221;550px&#8221; custom_margin=&#8221;-100px|||&#8221; custom_padding=&#8221;60px|40px|60px|40px&#8221; z_index_tablet=&#8221;500&#8243; border_color_all=&#8221;rgba(51,51,51,0.06)&#8221; border_width_right=&#8221;1px&#8221; border_width_left=&#8221;1px&#8221; locked=&#8221;off&#8221;]<\/p>\n<h3><span style=\"color: #549aa3;\">01.<\/span> Miss\u00e3o<\/h3>\n<p>Contribuir para as pol\u00edticas p\u00fablicas visando o fortalecimento da competitividade do turismo nacional, intervindo sobre a componente imobili\u00e1ria das empresas do sector.<\/p>\n<p>[\/et_pb_text][\/et_pb_column][et_pb_column type=&#8221;1_3&#8243; _builder_version=&#8221;3.25&#8243; custom_padding=&#8221;|||&#8221; custom_padding__hover=&#8221;|||&#8221;][et_pb_text _builder_version=&#8221;3.27.4&#8243; text_font=&#8221;Poppins||||||||&#8221; text_letter_spacing=&#8221;1px&#8221; text_line_height=&#8221;2em&#8221; header_3_font=&#8221;|600||on|||||&#8221; header_3_line_height=&#8221;1.4em&#8221; background_color=&#8221;#ffffff&#8221; max_width=&#8221;550px&#8221; custom_margin=&#8221;-100px|||&#8221; custom_padding=&#8221;60px|40px|60px|40px&#8221; z_index_tablet=&#8221;500&#8243; border_color_all=&#8221;rgba(51,51,51,0.06)&#8221; border_width_right=&#8221;1px&#8221; border_width_left=&#8221;1px&#8221; locked=&#8221;off&#8221;]<\/p>\n<h3><span style=\"color: #549aa3;\">02.<\/span> Vis\u00e3o<\/h3>\n<p>Tornar a Turismo Fundos uma empresa de refer\u00eancia na ind\u00fastria de Fundos de Investimento Imobili\u00e1rio em Portugal.<\/p>\n<p>[\/et_pb_text][\/et_pb_column][et_pb_column type=&#8221;1_3&#8243; _builder_version=&#8221;3.25&#8243; custom_padding=&#8221;|||&#8221; custom_padding__hover=&#8221;|||&#8221;][et_pb_text _builder_version=&#8221;3.27.4&#8243; text_font=&#8221;Poppins||||||||&#8221; text_letter_spacing=&#8221;1px&#8221; text_line_height=&#8221;2em&#8221; header_3_font=&#8221;|600||on|||||&#8221; header_3_line_height=&#8221;1.4em&#8221; background_color=&#8221;#ffffff&#8221; max_width=&#8221;550px&#8221; custom_margin=&#8221;-100px|||&#8221; custom_padding=&#8221;60px|40px|60px|40px&#8221; z_index_tablet=&#8221;500&#8243; border_color_all=&#8221;rgba(51,51,51,0.06)&#8221; border_width_right=&#8221;1px&#8221; border_width_left=&#8221;1px&#8221; locked=&#8221;off&#8221;]<\/p>\n<h3><span style=\"color: #549aa3;\">03.<\/span> Pol\u00edtica e Estrat\u00e9gia<\/h3>\n<p>Saiba mais sobre as <a href=\"#\">Pol\u00edticas<\/a> por detr\u00e1s da Portugal Fundos e a suas <a href=\"#\">Linhas de Orienta\u00e7\u00e3o Estrat\u00e9gica<\/a>.<\/p>\n<p>[\/et_pb_text][\/et_pb_column][\/et_pb_row][\/et_pb_section][et_pb_section fb_built=&#8221;1&#8243; admin_label=&#8221;O Programa, About&#8221; _builder_version=&#8221;3.29.3&#8243; collapsed=&#8221;off&#8221;][et_pb_row column_structure=&#8221;2_3,1_3&#8243; admin_label=&#8221;Fundo vs Marca&#8221; _builder_version=&#8221;3.29.3&#8243; z_index_tablet=&#8221;500&#8243;][et_pb_column type=&#8221;2_3&#8243; _builder_version=&#8221;3.25&#8243; custom_padding=&#8221;|||&#8221; custom_padding__hover=&#8221;|||&#8221;][et_pb_text admin_label=&#8221;Title Light Section&#8221; _builder_version=&#8221;4.5.0&#8243; text_font=&#8221;Poppins|600|||||||&#8221; header_font=&#8221;||||||||&#8221; header_text_color=&#8221;#549aa3&#8243; header_2_font=&#8221;Poppins|700|||||||&#8221; header_2_font_size=&#8221;38px&#8221; header_2_letter_spacing=&#8221;1px&#8221; header_2_line_height=&#8221;1.4em&#8221; header_3_font=&#8221;Poppins|700||on|||||&#8221; header_3_text_color=&#8221;#549aa3&#8243; header_3_font_size=&#8221;14px&#8221; header_3_letter_spacing=&#8221;1px&#8221; header_3_line_height=&#8221;2em&#8221; max_width=&#8221;550px&#8221; custom_padding=&#8221;0px|||||&#8221; z_index_tablet=&#8221;500&#8243; locked=&#8221;off&#8221;]<\/p>\n<h3>UPGRADE AND VALORISE<\/h3>\n<h2>The Fund<\/h2>\n<p>[\/et_pb_text][et_pb_divider color=&#8221;#549aa3&#8243; divider_weight=&#8221;2px&#8221; _builder_version=&#8221;3.22.2&#8243; max_width=&#8221;60px&#8221; module_alignment=&#8221;left&#8221; height=&#8221;2px&#8221; z_index_tablet=&#8221;500&#8243; locked=&#8221;off&#8221;][\/et_pb_divider][et_pb_text _builder_version=&#8221;4.5.0&#8243; text_font=&#8221;Poppins||||||||&#8221; text_font_size=&#8221;16px&#8221; text_letter_spacing=&#8221;1px&#8221; text_line_height=&#8221;2em&#8221; max_width=&#8221;800px&#8221; locked=&#8221;off&#8221;]<\/p>\n<p><strong>Fundo Revive Natureza<\/strong>, created through <a href=\"https:\/\/dre.pt\/web\/guest\/pesquisa\/-\/search\/125692188\/details\/normal?l=1\" target=\"_blank\" rel=\"noopener noreferrer\">Decree-Law No. 161\/2019 of 25th October<\/a>, aims at the requalification and appreciation of vacant public buildings, with the aim of making the conservation, recovery and safeguarding of the assets concerned compatible with new ways of using them that benefit local communities, attract new visitors and fix new residents.<\/p>\n<p>[\/et_pb_text][\/et_pb_column][et_pb_column type=&#8221;1_3&#8243; _builder_version=&#8221;3.25&#8243; custom_padding=&#8221;|||&#8221; custom_padding__hover=&#8221;|||&#8221;][\/et_pb_column][\/et_pb_row][\/et_pb_section][et_pb_section fb_built=&#8221;1&#8243; admin_label=&#8221;The Fund, About&#8221; module_id=&#8221;fundo&#8221; _builder_version=&#8221;3.29.3&#8243; background_color=&#8221;#f2f2f2&#8243; collapsed=&#8221;off&#8221;][et_pb_row column_structure=&#8221;2_3,1_3&#8243; admin_label=&#8221;Manage and Objectives&#8221; _builder_version=&#8221;3.29.3&#8243; background_color=&#8221;#f2f2f2&#8243; z_index_tablet=&#8221;500&#8243;][et_pb_column type=&#8221;2_3&#8243; _builder_version=&#8221;3.25&#8243; custom_padding=&#8221;|||&#8221; custom_padding__hover=&#8221;|||&#8221;][et_pb_text admin_label=&#8221;Structure, Management and Objectives<br \/>\n&#8221; _builder_version=&#8221;4.5.0&#8243; text_font=&#8221;Poppins||||||||&#8221; text_font_size=&#8221;16px&#8221; text_letter_spacing=&#8221;1px&#8221; text_line_height=&#8221;2em&#8221; max_width=&#8221;800px&#8221; locked=&#8221;off&#8221;]<\/p>\n<h3 style=\"margin-bottom: 10px;\">Structure, Management and Objectives<\/h3>\n<p><strong>Fundo Revive Natureza<\/strong> is an instrument for enhancing the value of the the built and natural heritage and promoting regional development through the revitalisation of activities connected with tourism.<\/p>\n<p>The Fund\u2019s shareholders are the Portuguese State, represented by the Directorate-General for the Treasury and Finance, the Institute for Nature Conservation and Forests, I.P. and by Turismo de Portugal, I.P.<\/p>\n<p>The management of the Fund, carried out by <a href=\"https:\/\/www.turismofundos.pt\/\">TF Turismo Fundos \u2013 SGOIC, S.A.<\/a>, pursuant to <a href=\"https:\/\/dre.pt\/web\/guest\/home\/-\/dre\/125781752\/details\/maximized\">Ordinance No. 389\/2019, of 29th October<\/a>, aims at the implementation of public policies for regional and local development, which promote:<\/p>\n<ul style=\"margin-top: -10px;\">\n<li>Local job creation<\/li>\n<li>The boosting of local economies<\/li>\n<li>Contribution to the systematic strengthening of local supply networks<\/li>\n<li>The use of local produce<\/li>\n<li>The sustainability of the locations in environmental, social and economic terms<\/li>\n<\/ul>\n<p>&nbsp;<\/p>\n<p>[\/et_pb_text][et_pb_text admin_label=&#8221;Activity and Criteria<br \/>\n&#8221; _builder_version=&#8221;4.5.0&#8243; text_font=&#8221;Poppins||||||||&#8221; text_font_size=&#8221;16px&#8221; text_letter_spacing=&#8221;1px&#8221; text_line_height=&#8221;2em&#8221; max_width=&#8221;800px&#8221; locked=&#8221;off&#8221;]<\/p>\n<h3 style=\"margin-bottom: 10px;\">Activity and Criteria<\/h3>\n<p>The Fund carries out its activity through the integration, as assets, of rights relating to real estate covered by public or private domain regimes of the State, local authorities, public institutes or other entities.<\/p>\n<p>The Fund promotes the granting of property rights to public or private entities, with a view to their upgrading for tourism or other related purposes, generating economic impact on the location or region where they are situated.<\/p>\n<p>The allocation of real estate exploitation rights should take into account the Fund\u2019s objectives and public policies for regional and local development , emphasising the following criteria:<\/p>\n<ul>\n<li>Exploitation of real estate by entities with headquarters or residence in the municipalities where the property is located or in the adjacent municipalities<\/li>\n<li>Creation of local jobs<\/li>\n<li>Social, environmental and innovative features for territorial sustainability<\/li>\n<li>Integration into product and experience supply networks in the territories where they are located<\/li>\n<li>Other aspects that have a positive impact on the locations where the real estate is situated<\/li>\n<\/ul>\n<p>[\/et_pb_text][et_pb_text admin_label=&#8221;Chronogram&#8221; _builder_version=&#8221;4.5.0&#8243; text_font=&#8221;Poppins||||||||&#8221; text_font_size=&#8221;16px&#8221; text_letter_spacing=&#8221;1px&#8221; text_line_height=&#8221;2em&#8221; max_width=&#8221;800px&#8221; locked=&#8221;off&#8221;]<\/p>\n<h3 style=\"margin-bottom: 10px;\">Get to know the steps prior to placing Revive Natureza property on the market\u200b<\/h3>\n<p><a href=\"https:\/\/dev.revivenatureza.pt\/wp-content\/uploads\/2019\/10\/Workflow_in\u00edcio-de-atividade-do-Fundo_V06.pdf\">See Diagram<\/a>[\/et_pb_text][et_pb_text admin_label=&#8221;Support documents<br \/>\n&#8221; _builder_version=&#8221;4.5.0&#8243; text_font=&#8221;Poppins||||||||&#8221; text_font_size=&#8221;16px&#8221; text_letter_spacing=&#8221;1px&#8221; text_line_height=&#8221;2em&#8221; max_width=&#8221;800px&#8221; locked=&#8221;off&#8221;]<\/p>\n<h3 style=\"margin-bottom: 10px;\">Support documents<\/h3>\n<p>All support documents and the form presenting the bids are in Portuguese.<\/p>\n<p>The documents comprising the bid must also be in Portuguese.<\/p>\n<p><a href=\"https:\/\/dev.revivenatureza.pt\/wp-content\/uploads\/2020\/07\/Pol\u00edtica-de-investimento-do-Fundo-Revive-Natureza.pdf\">Pol\u00edtica de Investimentos<\/a><\/p>\n<p><a href=\"https:\/\/dev.revivenatureza.pt\/wp-content\/uploads\/2020\/07\/Regulamento-de-atribui\u00e7\u00e3o-dos-direitos-de-explora\u00e7\u00e3o.pdf\">Atribui\u00e7\u00e3o de Direitos de Explora\u00e7\u00e3o de Im\u00f3veis<\/a>[\/et_pb_text][\/et_pb_column][et_pb_column type=&#8221;1_3&#8243; _builder_version=&#8221;3.25&#8243; custom_padding=&#8221;|||&#8221; custom_padding__hover=&#8221;|||&#8221;][\/et_pb_column][\/et_pb_row][\/et_pb_section][et_pb_section fb_built=&#8221;1&#8243; disabled_on=&#8221;on|on|on&#8221; admin_label=&#8221;Timeline&#8221; _builder_version=&#8221;4.5.0&#8243; background_color=&#8221;#f2f2f2&#8243; disabled=&#8221;on&#8221; collapsed=&#8221;on&#8221;][et_pb_row _builder_version=&#8221;3.29.3&#8243;][et_pb_column type=&#8221;4_4&#8243; _builder_version=&#8221;3.29.3&#8243;][et_pb_text admin_label=&#8221;Title Light Section&#8221; _builder_version=&#8221;4.5.0&#8243; text_font=&#8221;Poppins|600|||||||&#8221; header_font=&#8221;||||||||&#8221; header_text_align=&#8221;center&#8221; header_text_color=&#8221;#549aa3&#8243; header_2_font=&#8221;Poppins|700|||||||&#8221; header_2_font_size=&#8221;38px&#8221; header_2_letter_spacing=&#8221;1px&#8221; header_2_line_height=&#8221;1.4em&#8221; header_3_font=&#8221;Poppins|700||on|||||&#8221; header_3_text_color=&#8221;#549aa3&#8243; header_3_font_size=&#8221;14px&#8221; header_3_letter_spacing=&#8221;1px&#8221; header_3_line_height=&#8221;2em&#8221; custom_margin=&#8221;||10px||false|false&#8221; custom_padding=&#8221;0px|||||&#8221; z_index_tablet=&#8221;500&#8243; locked=&#8221;off&#8221;]<\/p>\n<h3 style=\"text-align: center;\">Cronograma<\/h3>\n<h2 style=\"text-align: center;\">Conhe\u00e7a as etapas pr\u00e9vias \u00e0 coloca\u00e7\u00e3o dos im\u00f3veis do Revive Natureza no mercado<\/h2>\n<p>[\/et_pb_text][\/et_pb_column][\/et_pb_row][\/et_pb_section][et_pb_section fb_built=&#8221;1&#8243; admin_label=&#8221;Promotional Video&#8221; module_id=&#8221;video&#8221; _builder_version=&#8221;3.29.3&#8243; background_color=&#8221;#282828&#8243; custom_padding=&#8221;100px|0px|99px|0px&#8221; z_index_tablet=&#8221;500&#8243; collapsed=&#8221;off&#8221;][et_pb_row _builder_version=&#8221;3.25&#8243; custom_padding=&#8221;27px|0px|27px|0px&#8221;][et_pb_column type=&#8221;4_4&#8243; _builder_version=&#8221;3.25&#8243; custom_padding=&#8221;|||&#8221; custom_padding__hover=&#8221;|||&#8221;][et_pb_text admin_label=&#8221;Title Dark Section&#8221; _builder_version=&#8221;4.5.0&#8243; header_text_align=&#8221;center&#8221; header_2_font=&#8221;Poppins|700|||||||&#8221; header_2_text_align=&#8221;center&#8221; header_2_font_size=&#8221;38px&#8221; header_2_letter_spacing=&#8221;1px&#8221; header_2_line_height=&#8221;1.4em&#8221; header_3_font=&#8221;Poppins|700||on|||||&#8221; header_3_text_align=&#8221;center&#8221; header_3_text_color=&#8221;#549aa3&#8243; header_3_font_size=&#8221;14px&#8221; header_3_letter_spacing=&#8221;1px&#8221; header_3_line_height=&#8221;2em&#8221; header_4_text_align=&#8221;center&#8221; header_5_text_align=&#8221;center&#8221; header_6_text_align=&#8221;center&#8221; text_orientation=&#8221;center&#8221; background_layout=&#8221;dark&#8221; max_width=&#8221;7000px&#8221; custom_padding=&#8221;7px|||||&#8221; z_index_tablet=&#8221;500&#8243; locked=&#8221;off&#8221;]<\/p>\n<h3>Video<\/h3>\n<h2>The real estate properties of the Fund<\/h2>\n<p>[\/et_pb_text][et_pb_divider color=&#8221;#549aa3&#8243; divider_weight=&#8221;2px&#8221; _builder_version=&#8221;3.22.2&#8243; max_width=&#8221;60px&#8221; module_alignment=&#8221;center&#8221; height=&#8221;2px&#8221; locked=&#8221;off&#8221;][\/et_pb_divider][\/et_pb_column][\/et_pb_row][et_pb_row column_structure=&#8221;2_5,3_5&#8243; _builder_version=&#8221;3.25&#8243;][et_pb_column type=&#8221;2_5&#8243; _builder_version=&#8221;3.25&#8243; custom_padding=&#8221;|||&#8221; custom_padding__hover=&#8221;|||&#8221;][et_pb_text _builder_version=&#8221;4.5.0&#8243; text_font=&#8221;Poppins||||||||&#8221; text_text_color=&#8221;#ffffff&#8221; text_font_size=&#8221;16px&#8221; text_letter_spacing=&#8221;1px&#8221; text_line_height=&#8221;2em&#8221; max_width=&#8221;550px&#8221; locked=&#8221;off&#8221;]<\/p>\n<p>Watch the video to see some of the properties which will be made available after the Fund starts its activity.<\/p>\n<p>[\/et_pb_text][\/et_pb_column][et_pb_column type=&#8221;3_5&#8243; _builder_version=&#8221;3.25&#8243; custom_padding=&#8221;|||&#8221; custom_padding__hover=&#8221;|||&#8221;][et_pb_video src=&#8221;https:\/\/youtu.be\/NkFhM0bqrJ0&#8243; _builder_version=&#8221;4.5.1&#8243; hover_enabled=&#8221;0&#8243;][\/et_pb_video][\/et_pb_column][\/et_pb_row][\/et_pb_section]<\/p>\n","protected":false},"excerpt":{"rendered":"<p>[et_pb_section fb_built=&#8221;1&#8243; fullwidth=&#8221;on&#8221; admin_label=&#8221;Hero Section&#8221; _builder_version=&#8221;3.29.3&#8243;][et_pb_fullwidth_header title=&#8221;About&#8221; subhead=&#8221;REVIVE NATUREZA&#8221; button_one_text=&#8221;Watch Video&#8221; button_one_url=&#8221;#video&#8221; background_overlay_color=&#8221;rgba(0,0,0,0.6)&#8221; content_max_width=&#8221;550px&#8221; _builder_version=&#8221;4.5.0&#8243; title_font=&#8221;Poppins|700||on|||||&#8221; title_text_color=&#8221;#549aa3&#8243; title_font_size=&#8221;14px&#8221; title_letter_spacing=&#8221;2px&#8221; title_line_height=&#8221;1.4em&#8221; [&hellip;]<\/p>\n","protected":false},"author":1,"featured_media":0,"parent":0,"menu_order":0,"comment_status":"closed","ping_status":"closed","template":"","meta":{"inline_featured_image":false,"footnotes":""},"class_list":["post-2734","page","type-page","status-publish","hentry"],"acf":[],"_links":{"self":[{"href":"https:\/\/revivenatureza.pt\/en\/wp-json\/wp\/v2\/pages\/2734","targetHints":{"allow":["GET"]}}],"collection":[{"href":"https:\/\/revivenatureza.pt\/en\/wp-json\/wp\/v2\/pages"}],"about":[{"href":"https:\/\/revivenatureza.pt\/en\/wp-json\/wp\/v2\/types\/page"}],"author":[{"embeddable":true,"href":"https:\/\/revivenatureza.pt\/en\/wp-json\/wp\/v2\/users\/1"}],"replies":[{"embeddable":true,"href":"https:\/\/revivenatureza.pt\/en\/wp-json\/wp\/v2\/comments?post=2734"}],"version-history":[{"count":6,"href":"https:\/\/revivenatureza.pt\/en\/wp-json\/wp\/v2\/pages\/2734\/revisions"}],"predecessor-version":[{"id":2753,"href":"https:\/\/revivenatureza.pt\/en\/wp-json\/wp\/v2\/pages\/2734\/revisions\/2753"}],"wp:attachment":[{"href":"https:\/\/revivenatureza.pt\/en\/wp-json\/wp\/v2\/media?parent=2734"}],"curies":[{"name":"wp","href":"https:\/\/api.w.org\/{rel}","templated":true}]}}